{"id":38,"date":"2020-11-07T10:26:25","date_gmt":"2020-11-07T13:26:25","guid":{"rendered":"http:\/\/cestaagroecologica.com.br\/?page_id=38"},"modified":"2026-04-29T12:45:53","modified_gmt":"2026-04-29T15:45:53","slug":"colibri-wp","status":"publish","type":"page","link":"https:\/\/cestaagroecologica.com.br\/","title":{"rendered":"In\u00edcio"},"content":{"rendered":"\n<div class=\"wp-block-group alignfull is-layout-constrained wp-block-group-is-layout-constrained\">\n<div class=\"wp-block-cover alignfull\"><img loading=\"lazy\" decoding=\"async\" width=\"1024\" height=\"678\" class=\"wp-block-cover__image-background wp-image-356 size-large\" alt=\"\" src=\"https:\/\/cestaagroecologica.com.br\/wp-content\/uploads\/2020\/11\/laptop-2055522_1920-1024x678.jpg\" data-object-fit=\"cover\" srcset=\"https:\/\/cestaagroecologica.com.br\/wp-content\/uploads\/2020\/11\/laptop-2055522_1920-1024x678.jpg 1024w, https:\/\/cestaagroecologica.com.br\/wp-content\/uploads\/2020\/11\/laptop-2055522_1920-300x199.jpg 300w, https:\/\/cestaagroecologica.com.br\/wp-content\/uploads\/2020\/11\/laptop-2055522_1920-768x508.jpg 768w, https:\/\/cestaagroecologica.com.br\/wp-content\/uploads\/2020\/11\/laptop-2055522_1920-1536x1017.jpg 1536w, https:\/\/cestaagroecologica.com.br\/wp-content\/uploads\/2020\/11\/laptop-2055522_1920.jpg 1920w\" sizes=\"auto, (max-width: 1024px) 100vw, 1024px\" \/><span aria-hidden=\"true\" class=\"wp-block-cover__background has-background-dim\" style=\"background-color:#7a695a\"><\/span><div class=\"wp-block-cover__inner-container is-layout-constrained wp-block-cover-is-layout-constrained\">\n<p class=\"has-text-align-center has-x-large-font-size\" style=\"font-style:normal;font-weight:700\">Tecnologia da Informa\u00e7\u00e3o, Comunica\u00e7\u00e3o, Democracia e Movimentos Sociais<\/p>\n<\/div><\/div>\n<\/div>\n\n\n\n<div class=\"wp-block-group alignfull is-layout-constrained wp-block-group-is-layout-constrained\" style=\"padding-top:4rem;padding-bottom:4rem\">\n<div class=\"wp-block-columns is-layout-flex wp-container-core-columns-is-layout-28f84493 wp-block-columns-is-layout-flex\">\n<div class=\"wp-block-column has-palette-color-2-background-color has-background is-layout-flow wp-block-column-is-layout-flow\" style=\"border-top-left-radius:12px;border-top-right-radius:12px;border-bottom-left-radius:12px;border-bottom-right-radius:12px;padding-top:6rem;padding-bottom:6rem\">\n<h4 class=\"wp-block-heading has-text-align-center has-palette-color-8-color has-text-color has-link-color wp-elements-6a555ca3e429903fd06c527a2ff495b7\" style=\"text-transform:uppercase\">Tecnologia Social<\/h4>\n<\/div>\n\n\n\n<div class=\"wp-block-column is-vertically-aligned-center has-palette-color-8-color has-palette-color-2-background-color has-text-color has-background has-link-color wp-elements-60449d4a0055b8b3a6ed0fc3058ba6e2 is-layout-flow wp-block-column-is-layout-flow\" style=\"border-top-left-radius:12px;border-top-right-radius:12px;border-bottom-left-radius:12px;border-bottom-right-radius:12px;padding-top:6rem;padding-bottom:6rem\">\n<h4 class=\"wp-block-heading has-text-align-center has-palette-color-8-color has-text-color has-link-color wp-elements-6d923d1439e913cb4a4bb1cb0a0775e9\" style=\"text-transform:uppercase\">Design Participativo<\/h4>\n<\/div>\n\n\n\n<div class=\"wp-block-column is-vertically-aligned-center has-palette-color-8-color has-palette-color-2-background-color has-text-color has-background has-link-color wp-elements-3957d43af1263a744df4668975207a0a is-layout-flow wp-block-column-is-layout-flow\" style=\"border-top-left-radius:12px;border-top-right-radius:12px;border-bottom-left-radius:12px;border-bottom-right-radius:12px;padding-top:6rem;padding-bottom:6rem\">\n<h4 class=\"wp-block-heading has-text-align-center has-palette-color-8-color has-text-color has-link-color wp-elements-e2935a3846e0a0663553731558b150eb\" style=\"text-transform:uppercase\">Software Livre<\/h4>\n<\/div>\n<\/div>\n<\/div>\n\n\n\n<div class=\"wp-block-group alignfull is-layout-constrained wp-block-group-is-layout-constrained has-background\" id=\"quem-somos\" style=\"padding-top:2rem;padding-bottom:2rem;background-image:url(&apos;https:\/\/cestaagroecologica.com.br\/wp-content\/uploads\/2020\/11\/pexels-binyamin-mellish-169523-1-scaled.jpg&apos;);background-size:cover;\">\n<div class=\"wp-block-columns is-layout-flex wp-container-core-columns-is-layout-28f84493 wp-block-columns-is-layout-flex\">\n<div class=\"wp-block-column has-palette-color-8-background-color has-background is-layout-flow wp-block-column-is-layout-flow\" style=\"padding-top:4rem;padding-right:4rem;padding-bottom:4rem;padding-left:4rem;flex-basis:66.66%\">\n<p style=\"text-transform:uppercase\"><strong>Quem somos<\/strong><\/p>\n\n\n\n<p class=\"has-large-font-size\">Projeto Tecnologias da Informa\u00e7\u00e3o e Comunica\u00e7\u00e3o, Democracia e Movimentos Sociais.<\/p>\n\n\n\n<p>O projeto TIC-DeMoS faz parte do N\u00facleo Interdisciplinar para o Desenvolvimento Social da UFRJ e trabalha principalmente a partir de uma \u00f3tica de um desenvolvimento participativo de tecnologias voltadas para ampliar a participa\u00e7\u00e3o e a democracia em movimentos sociais e processos de desenvolvimento local. Al\u00e9m disso, na busca pela constru\u00e7\u00e3o de tecnologias que fortale\u00e7am processos participativos, horizontais, cooperativos, solid\u00e1rios e anti-capitalistas, trabalha com conceitos de Participa\u00e7\u00e3o, Coopera\u00e7\u00e3o, Consenso, Gest\u00e3o Participativa e Democracia, para isso utiliza tamb\u00e9m da dialogicidade.<\/p>\n\n\n\n<div class=\"wp-block-buttons is-layout-flex wp-block-buttons-is-layout-flex\">\n<div class=\"wp-block-button\"><a class=\"wp-block-button__link wp-element-button\" href=\"https:\/\/nides.ufrj.br\/index.php\/projetos-soltec\/ticdemos\">CONHE\u00c7A MAIS<\/a><\/div>\n<\/div>\n<\/div>\n\n\n\n<div class=\"wp-block-column is-layout-flow wp-block-column-is-layout-flow\" style=\"flex-basis:33.33%\"><\/div>\n<\/div>\n<\/div>\n\n\n\n\n\n<div class=\"wp-block-group is-layout-constrained wp-block-group-is-layout-constrained\" style=\"padding-top:2rem;padding-bottom:2rem\">\n<h2 class=\"wp-block-heading has-text-align-center\">Projetos e experi\u00eancias<\/h2>\n\n\n\n<div data-id=\"8f1a26e7\" class=\"wp-block-blocksy-query\"><div class=\"ct-query-template-grid\"><article class=\"wp-block-post is-layout-flow post-926 post type-post status-publish format-standard has-post-thumbnail hentry category-uncategorized\">\n\n<div class=\"wp-block-group has-palette-color-8-background-color has-background is-vertical is-content-justification-stretch is-nowrap is-layout-flex wp-container-core-group-is-layout-d43721b1 wp-block-group-is-layout-flex\" style=\"min-height:100%\"><a style=\"margin-bottom:0;\" class=\"ct-dynamic-media wp-elements-09f95608613d9352adfc8f40119e2004\" aria-label=\"Assessoria para confec\u00e7\u00e3o de sites de comercializa\u00e7\u00e3o de cestas agroecol\u00f3gicas &#8211; 2020\" href=\"https:\/\/cestaagroecologica.com.br\/?p=926\"><img loading=\"lazy\" decoding=\"async\" width=\"2272\" height=\"1448\" src=\"https:\/\/cestaagroecologica.com.br\/wp-content\/uploads\/2020\/11\/cropped-farmers-market-carrots-1489719.jpg\" class=\"attachment-full size-full\" alt=\"\" style=\"width:100%;height:100%;object-fit: cover;\" srcset=\"https:\/\/cestaagroecologica.com.br\/wp-content\/uploads\/2020\/11\/cropped-farmers-market-carrots-1489719.jpg 2272w, https:\/\/cestaagroecologica.com.br\/wp-content\/uploads\/2020\/11\/cropped-farmers-market-carrots-1489719-300x191.jpg 300w, https:\/\/cestaagroecologica.com.br\/wp-content\/uploads\/2020\/11\/cropped-farmers-market-carrots-1489719-1024x653.jpg 1024w, https:\/\/cestaagroecologica.com.br\/wp-content\/uploads\/2020\/11\/cropped-farmers-market-carrots-1489719-768x489.jpg 768w, https:\/\/cestaagroecologica.com.br\/wp-content\/uploads\/2020\/11\/cropped-farmers-market-carrots-1489719-1536x979.jpg 1536w, https:\/\/cestaagroecologica.com.br\/wp-content\/uploads\/2020\/11\/cropped-farmers-market-carrots-1489719-2048x1305.jpg 2048w\" sizes=\"auto, (max-width: 2272px) 100vw, 2272px\" \/><\/a>\n\n\n<div class=\"wp-block-group has-palette-color-8-background-color has-background wp-container-content-9cfa9a5a is-layout-constrained wp-block-group-is-layout-constrained\" style=\"min-height:100%\"><h2 style=\"font-size:clamp(14px, 0.875rem + ((1vw - 3.2px) * 0.313), 18px);\" class=\"ct-dynamic-data wp-elements-217800496679b007b1999694e2a70788\"><a href=\"https:\/\/cestaagroecologica.com.br\/?p=926\">Assessoria para confec\u00e7\u00e3o de sites de comercializa\u00e7\u00e3o de cestas agroecol\u00f3gicas &#8211; 2020<\/a><\/h2>\n\n<div class=\"ct-dynamic-data wp-elements-75c3acab3cff5557061d009d04e39255\"><p>Objetivo Promover a inclus\u00e3o de projetos ou iniciativas no mercado virtual para venda de produtos agroecol\u00f3gicos.\u00a0 Assessoria online Ser\u00e3o realizadas\u2026<\/p>\n<\/div>\n\n<a class=\"wp-block-read-more\" href=\"https:\/\/cestaagroecologica.com.br\/?p=926\" target=\"_self\">Ler mais<span class=\"screen-reader-text\">: Assessoria para confec\u00e7\u00e3o de sites de comercializa\u00e7\u00e3o de cestas agroecol\u00f3gicas &#8211; 2020<\/span><\/a><\/div>\n<\/div>\n\n<\/article><\/div><style>[data-id='8f1a26e7'] {--grid-columns-width:3;}@media (max-width: 999.98px) {[data-id='8f1a26e7'] {--grid-columns-width:2;}}@media (max-width: 689.98px) {[data-id='8f1a26e7'] {--grid-columns-width:1;}}<\/style><\/div>\n<\/div>\n\n\n\n<div class=\"wp-block-group alignfull has-palette-color-6-background-color has-background is-layout-constrained wp-block-group-is-layout-constrained\" style=\"margin-top:0px;margin-bottom:0px;padding-top:2rem;padding-bottom:2rem\">\n<h2 class=\"wp-block-heading has-text-align-center\">Nossa equipe<\/h2>\n\n\n\n<div data-id=\"9f1614b1\" class=\"wp-block-blocksy-query\"><div class=\"ct-query-template-grid\"><article class=\"wp-block-post is-layout-flow post-910 pessoa type-pessoa status-publish has-post-thumbnail hentry\">\n\n<div class=\"wp-block-group has-palette-color-8-background-color has-background is-vertical is-content-justification-stretch is-nowrap is-layout-flex wp-container-core-group-is-layout-d43721b1 wp-block-group-is-layout-flex\" style=\"border-style:none;border-width:0px;min-height:100%;box-shadow:none\"><figure style=\"margin-top:20px;margin-right:20px;margin-bottom:20px;margin-left:20px;\" class=\"ct-dynamic-media wp-elements-f61f0d7bde60df4a2229fa63c0f3280d\" aria-label=\"Celso Alvear\"><img loading=\"lazy\" decoding=\"async\" width=\"1565\" height=\"1568\" src=\"https:\/\/cestaagroecologica.com.br\/wp-content\/uploads\/2020\/11\/cropped-IMG_20200225_041631.redimensionado.jpg\" class=\"attachment-full size-full\" alt=\"\" style=\"width:100%;height:100%;object-fit: cover;aspect-ratio: 3\/4;\" srcset=\"https:\/\/cestaagroecologica.com.br\/wp-content\/uploads\/2020\/11\/cropped-IMG_20200225_041631.redimensionado.jpg 1565w, https:\/\/cestaagroecologica.com.br\/wp-content\/uploads\/2020\/11\/cropped-IMG_20200225_041631.redimensionado-300x300.jpg 300w, https:\/\/cestaagroecologica.com.br\/wp-content\/uploads\/2020\/11\/cropped-IMG_20200225_041631.redimensionado-1022x1024.jpg 1022w, https:\/\/cestaagroecologica.com.br\/wp-content\/uploads\/2020\/11\/cropped-IMG_20200225_041631.redimensionado-150x150.jpg 150w, https:\/\/cestaagroecologica.com.br\/wp-content\/uploads\/2020\/11\/cropped-IMG_20200225_041631.redimensionado-768x769.jpg 768w, https:\/\/cestaagroecologica.com.br\/wp-content\/uploads\/2020\/11\/cropped-IMG_20200225_041631.redimensionado-1533x1536.jpg 1533w\" sizes=\"auto, (max-width: 1565px) 100vw, 1565px\" \/><\/figure>\n\n\n<div class=\"wp-block-group has-palette-color-8-background-color has-background wp-container-content-9cfa9a5a is-layout-constrained wp-block-group-is-layout-constrained\" style=\"min-height:100%\"><h2 style=\"font-size:clamp(14px, 0.875rem + ((1vw - 3.2px) * 0.313), 18px);\" class=\"ct-dynamic-data has-text-align-center wp-elements-0fa4247df5b1d904cd45cb67b1c6a2de\"><a href=\"https:\/\/cestaagroecologica.com.br\/?pessoa=celso-alvear\">Celso Alvear<\/a><\/h2>\n\n<div class=\"ct-dynamic-data has-text-align-center wp-elements-244d058c639c13d868aa2885ec971ca1\"><p>Coordenador<\/p>\n<\/div><\/div>\n<\/div>\n\n<\/article><article class=\"wp-block-post is-layout-flow post-911 pessoa type-pessoa status-publish has-post-thumbnail hentry\">\n\n<div class=\"wp-block-group has-palette-color-8-background-color has-background is-vertical is-content-justification-stretch is-nowrap is-layout-flex wp-container-core-group-is-layout-d43721b1 wp-block-group-is-layout-flex\" style=\"border-style:none;border-width:0px;min-height:100%;box-shadow:none\"><figure style=\"margin-top:20px;margin-right:20px;margin-bottom:20px;margin-left:20px;\" class=\"ct-dynamic-media wp-elements-f61f0d7bde60df4a2229fa63c0f3280d\" aria-label=\"Larissa Bral\"><img loading=\"lazy\" decoding=\"async\" width=\"960\" height=\"1280\" src=\"https:\/\/cestaagroecologica.com.br\/wp-content\/uploads\/2026\/04\/WhatsApp-Image-2026-03-02-at-09.18.09.jpeg\" class=\"attachment-full size-full\" alt=\"\" style=\"width:100%;height:100%;object-fit: cover;aspect-ratio: 3\/4;\" srcset=\"https:\/\/cestaagroecologica.com.br\/wp-content\/uploads\/2026\/04\/WhatsApp-Image-2026-03-02-at-09.18.09.jpeg 960w, https:\/\/cestaagroecologica.com.br\/wp-content\/uploads\/2026\/04\/WhatsApp-Image-2026-03-02-at-09.18.09-225x300.jpeg 225w, https:\/\/cestaagroecologica.com.br\/wp-content\/uploads\/2026\/04\/WhatsApp-Image-2026-03-02-at-09.18.09-768x1024.jpeg 768w\" sizes=\"auto, (max-width: 960px) 100vw, 960px\" \/><\/figure>\n\n\n<div class=\"wp-block-group has-palette-color-8-background-color has-background wp-container-content-9cfa9a5a is-layout-constrained wp-block-group-is-layout-constrained\" style=\"min-height:100%\"><h2 style=\"font-size:clamp(14px, 0.875rem + ((1vw - 3.2px) * 0.313), 18px);\" class=\"ct-dynamic-data has-text-align-center wp-elements-0fa4247df5b1d904cd45cb67b1c6a2de\"><a href=\"https:\/\/cestaagroecologica.com.br\/?pessoa=larissa-bral\">Larissa Bral<\/a><\/h2>\n\n<div class=\"ct-dynamic-data has-text-align-center wp-elements-244d058c639c13d868aa2885ec971ca1\"><p>Pesquisadora extensionista<\/p>\n<\/div><\/div>\n<\/div>\n\n<\/article><article class=\"wp-block-post is-layout-flow post-913 pessoa type-pessoa status-publish has-post-thumbnail hentry\">\n\n<div class=\"wp-block-group has-palette-color-8-background-color has-background is-vertical is-content-justification-stretch is-nowrap is-layout-flex wp-container-core-group-is-layout-d43721b1 wp-block-group-is-layout-flex\" style=\"border-style:none;border-width:0px;min-height:100%;box-shadow:none\"><figure style=\"margin-top:20px;margin-right:20px;margin-bottom:20px;margin-left:20px;\" class=\"ct-dynamic-media wp-elements-f61f0d7bde60df4a2229fa63c0f3280d\" aria-label=\"Ana J\u00falia\"><img loading=\"lazy\" decoding=\"async\" width=\"317\" height=\"359\" src=\"https:\/\/cestaagroecologica.com.br\/wp-content\/uploads\/2026\/04\/ana.png\" class=\"attachment-full size-full\" alt=\"\" style=\"width:100%;height:100%;object-fit: cover;aspect-ratio: 3\/4;\" srcset=\"https:\/\/cestaagroecologica.com.br\/wp-content\/uploads\/2026\/04\/ana.png 317w, https:\/\/cestaagroecologica.com.br\/wp-content\/uploads\/2026\/04\/ana-265x300.png 265w\" sizes=\"auto, (max-width: 317px) 100vw, 317px\" \/><\/figure>\n\n\n<div class=\"wp-block-group has-palette-color-8-background-color has-background wp-container-content-9cfa9a5a is-layout-constrained wp-block-group-is-layout-constrained\" style=\"min-height:100%\"><h2 style=\"font-size:clamp(14px, 0.875rem + ((1vw - 3.2px) * 0.313), 18px);\" class=\"ct-dynamic-data has-text-align-center wp-elements-0fa4247df5b1d904cd45cb67b1c6a2de\"><a href=\"https:\/\/cestaagroecologica.com.br\/?pessoa=ana-julia\">Ana J\u00falia<\/a><\/h2>\n\n<div class=\"ct-dynamic-data has-text-align-center wp-elements-244d058c639c13d868aa2885ec971ca1\"><p>Extensionista bolsista<\/p>\n<\/div><\/div>\n<\/div>\n\n<\/article><article class=\"wp-block-post is-layout-flow post-914 pessoa type-pessoa status-publish has-post-thumbnail hentry\">\n\n<div class=\"wp-block-group has-palette-color-8-background-color has-background is-vertical is-content-justification-stretch is-nowrap is-layout-flex wp-container-core-group-is-layout-d43721b1 wp-block-group-is-layout-flex\" style=\"border-style:none;border-width:0px;min-height:100%;box-shadow:none\"><figure style=\"margin-top:20px;margin-right:20px;margin-bottom:20px;margin-left:20px;\" class=\"ct-dynamic-media wp-elements-f61f0d7bde60df4a2229fa63c0f3280d\" aria-label=\"Wilson Ramos\"><img loading=\"lazy\" decoding=\"async\" width=\"640\" height=\"640\" src=\"https:\/\/cestaagroecologica.com.br\/wp-content\/uploads\/2026\/04\/wilson.jpg\" class=\"attachment-full size-full\" alt=\"\" style=\"width:100%;height:100%;object-fit: cover;aspect-ratio: 3\/4;\" srcset=\"https:\/\/cestaagroecologica.com.br\/wp-content\/uploads\/2026\/04\/wilson.jpg 640w, https:\/\/cestaagroecologica.com.br\/wp-content\/uploads\/2026\/04\/wilson-300x300.jpg 300w, https:\/\/cestaagroecologica.com.br\/wp-content\/uploads\/2026\/04\/wilson-150x150.jpg 150w\" sizes=\"auto, (max-width: 640px) 100vw, 640px\" \/><\/figure>\n\n\n<div class=\"wp-block-group has-palette-color-8-background-color has-background wp-container-content-9cfa9a5a is-layout-constrained wp-block-group-is-layout-constrained\" style=\"min-height:100%\"><h2 style=\"font-size:clamp(14px, 0.875rem + ((1vw - 3.2px) * 0.313), 18px);\" class=\"ct-dynamic-data has-text-align-center wp-elements-0fa4247df5b1d904cd45cb67b1c6a2de\"><a href=\"https:\/\/cestaagroecologica.com.br\/?pessoa=wilson-ramos\">Wilson Ramos<\/a><\/h2>\n\n<div class=\"ct-dynamic-data has-text-align-center wp-elements-244d058c639c13d868aa2885ec971ca1\"><p>Extensionista<\/p>\n<\/div><\/div>\n<\/div>\n\n<\/article><article class=\"wp-block-post is-layout-flow post-916 pessoa type-pessoa status-publish has-post-thumbnail hentry\">\n\n<div class=\"wp-block-group has-palette-color-8-background-color has-background is-vertical is-content-justification-stretch is-nowrap is-layout-flex wp-container-core-group-is-layout-d43721b1 wp-block-group-is-layout-flex\" style=\"border-style:none;border-width:0px;min-height:100%;box-shadow:none\"><figure style=\"margin-top:20px;margin-right:20px;margin-bottom:20px;margin-left:20px;\" class=\"ct-dynamic-media wp-elements-f61f0d7bde60df4a2229fa63c0f3280d\" aria-label=\"Ellen de Souza\"><img loading=\"lazy\" decoding=\"async\" width=\"1519\" height=\"1191\" src=\"https:\/\/cestaagroecologica.com.br\/wp-content\/uploads\/2026\/04\/WhatsApp-Image-2026-04-09-at-17.08.36.jpeg\" class=\"attachment-full size-full\" alt=\"\" style=\"width:100%;height:100%;object-fit: cover;aspect-ratio: 3\/4;\" srcset=\"https:\/\/cestaagroecologica.com.br\/wp-content\/uploads\/2026\/04\/WhatsApp-Image-2026-04-09-at-17.08.36.jpeg 1519w, https:\/\/cestaagroecologica.com.br\/wp-content\/uploads\/2026\/04\/WhatsApp-Image-2026-04-09-at-17.08.36-300x235.jpeg 300w, https:\/\/cestaagroecologica.com.br\/wp-content\/uploads\/2026\/04\/WhatsApp-Image-2026-04-09-at-17.08.36-1024x803.jpeg 1024w, https:\/\/cestaagroecologica.com.br\/wp-content\/uploads\/2026\/04\/WhatsApp-Image-2026-04-09-at-17.08.36-768x602.jpeg 768w\" sizes=\"auto, (max-width: 1519px) 100vw, 1519px\" \/><\/figure>\n\n\n<div class=\"wp-block-group has-palette-color-8-background-color has-background wp-container-content-9cfa9a5a is-layout-constrained wp-block-group-is-layout-constrained\" style=\"min-height:100%\"><h2 style=\"font-size:clamp(14px, 0.875rem + ((1vw - 3.2px) * 0.313), 18px);\" class=\"ct-dynamic-data has-text-align-center wp-elements-0fa4247df5b1d904cd45cb67b1c6a2de\"><a href=\"https:\/\/cestaagroecologica.com.br\/?pessoa=ellen-de-souza\">Ellen de Souza<\/a><\/h2>\n\n<div class=\"ct-dynamic-data has-text-align-center wp-elements-244d058c639c13d868aa2885ec971ca1\"><p>Extensionista<\/p>\n<\/div><\/div>\n<\/div>\n\n<\/article><article class=\"wp-block-post is-layout-flow post-918 pessoa type-pessoa status-publish has-post-thumbnail hentry\">\n\n<div class=\"wp-block-group has-palette-color-8-background-color has-background is-vertical is-content-justification-stretch is-nowrap is-layout-flex wp-container-core-group-is-layout-d43721b1 wp-block-group-is-layout-flex\" style=\"border-style:none;border-width:0px;min-height:100%;box-shadow:none\"><figure style=\"margin-top:20px;margin-right:20px;margin-bottom:20px;margin-left:20px;\" class=\"ct-dynamic-media wp-elements-f61f0d7bde60df4a2229fa63c0f3280d\" aria-label=\"Claudio Junior\"><img loading=\"lazy\" decoding=\"async\" width=\"640\" height=\"640\" src=\"https:\/\/cestaagroecologica.com.br\/wp-content\/uploads\/2026\/04\/claudio.jpg\" class=\"attachment-full size-full\" alt=\"\" style=\"width:100%;height:100%;object-fit: cover;aspect-ratio: 3\/4;\" srcset=\"https:\/\/cestaagroecologica.com.br\/wp-content\/uploads\/2026\/04\/claudio.jpg 640w, https:\/\/cestaagroecologica.com.br\/wp-content\/uploads\/2026\/04\/claudio-300x300.jpg 300w, https:\/\/cestaagroecologica.com.br\/wp-content\/uploads\/2026\/04\/claudio-150x150.jpg 150w\" sizes=\"auto, (max-width: 640px) 100vw, 640px\" \/><\/figure>\n\n\n<div class=\"wp-block-group has-palette-color-8-background-color has-background wp-container-content-9cfa9a5a is-layout-constrained wp-block-group-is-layout-constrained\" style=\"min-height:100%\"><h2 style=\"font-size:clamp(14px, 0.875rem + ((1vw - 3.2px) * 0.313), 18px);\" class=\"ct-dynamic-data has-text-align-center wp-elements-0fa4247df5b1d904cd45cb67b1c6a2de\"><a href=\"https:\/\/cestaagroecologica.com.br\/?pessoa=claudio-junior\">Claudio Junior<\/a><\/h2>\n\n<div class=\"ct-dynamic-data has-text-align-center wp-elements-244d058c639c13d868aa2885ec971ca1\"><p>Extensionista bolsista<\/p>\n<\/div><\/div>\n<\/div>\n\n<\/article><\/div><style>[data-id='9f1614b1'] {--grid-columns-width:3;}@media (max-width: 999.98px) {[data-id='9f1614b1'] {--grid-columns-width:2;}}@media (max-width: 689.98px) {[data-id='9f1614b1'] {--grid-columns-width:1;}}<\/style><\/div>\n<\/div>\n\n\n\n<div class=\"wp-block-group alignfull has-palette-color-5-background-color has-background is-layout-constrained wp-block-group-is-layout-constrained\" id=\"contato\" style=\"padding-top:2rem;padding-bottom:2rem\">\n<div class=\"wp-block-group has-palette-color-8-background-color has-background is-content-justification-center is-layout-flex wp-container-core-group-is-layout-e02ed0d2 wp-block-group-is-layout-flex\" style=\"margin-top:0;margin-bottom:0;padding-top:0px;padding-right:0px;padding-bottom:0px;padding-left:0px;box-shadow:var(--wp--preset--shadow--natural)\">\n<figure class=\"wp-block-image size-full is-style-default wp-container-content-432d1f4f\"><img loading=\"lazy\" decoding=\"async\" width=\"2560\" height=\"1747\" src=\"https:\/\/cestaagroecologica.com.br\/wp-content\/uploads\/2020\/11\/old-typewriter-1411731-scaled.jpg\" alt=\"\" class=\"wp-image-116\" style=\"object-fit:cover\" srcset=\"https:\/\/cestaagroecologica.com.br\/wp-content\/uploads\/2020\/11\/old-typewriter-1411731-scaled.jpg 2560w, https:\/\/cestaagroecologica.com.br\/wp-content\/uploads\/2020\/11\/old-typewriter-1411731-300x205.jpg 300w\" sizes=\"auto, (max-width: 2560px) 100vw, 2560px\" \/><\/figure>\n\n\n\n<div class=\"wp-block-group has-palette-color-8-background-color has-background wp-container-content-9cfa9a5a is-nowrap is-layout-flex wp-container-core-group-is-layout-99ccc841 wp-block-group-is-layout-flex\" style=\"padding-top:6rem;padding-bottom:6rem\">\n<p class=\"has-palette-color-4-color has-text-color has-link-color has-medium-font-size wp-elements-38b74f350b748234f8dd3fe41b5d3cef\">Para d\u00favidas, entre em contato atrav\u00e9s de um dos e-mails: <br><br>nidesdevufrj@gmail.com<br>ticdemos-soltec@nides.ufrj.br<\/p>\n<\/div>\n<\/div>\n<\/div>\n\n\n\n<p><\/p>\n","protected":false},"excerpt":{"rendered":"<p>Tecnologia Social Design Participativo Software Livre Quem somos Projeto Tecnologias da Informa\u00e7\u00e3o e Comunica\u00e7\u00e3o, Democracia e Movimentos Sociais. O projeto TIC-DeMoS faz parte do N\u00facleo Interdisciplinar para o Desenvolvimento Social da UFRJ e trabalha principalmente a partir de uma \u00f3tica de um desenvolvimento participativo de tecnologias voltadas para ampliar a participa\u00e7\u00e3o e a democracia em [&hellip;]<\/p>\n","protected":false},"author":1,"featured_media":0,"parent":0,"menu_order":0,"comment_status":"closed","ping_status":"closed","template":"","meta":{"_acf_changed":false,"footnotes":""},"class_list":["post-38","page","type-page","status-publish","hentry"],"blocksy_meta":[],"acf":[],"_links":{"self":[{"href":"https:\/\/cestaagroecologica.com.br\/index.php?rest_route=\/wp\/v2\/pages\/38","targetHints":{"allow":["GET"]}}],"collection":[{"href":"https:\/\/cestaagroecologica.com.br\/index.php?rest_route=\/wp\/v2\/pages"}],"about":[{"href":"https:\/\/cestaagroecologica.com.br\/index.php?rest_route=\/wp\/v2\/types\/page"}],"author":[{"embeddable":true,"href":"https:\/\/cestaagroecologica.com.br\/index.php?rest_route=\/wp\/v2\/users\/1"}],"replies":[{"embeddable":true,"href":"https:\/\/cestaagroecologica.com.br\/index.php?rest_route=%2Fwp%2Fv2%2Fcomments&post=38"}],"version-history":[{"count":37,"href":"https:\/\/cestaagroecologica.com.br\/index.php?rest_route=\/wp\/v2\/pages\/38\/revisions"}],"predecessor-version":[{"id":1025,"href":"https:\/\/cestaagroecologica.com.br\/index.php?rest_route=\/wp\/v2\/pages\/38\/revisions\/1025"}],"wp:attachment":[{"href":"https:\/\/cestaagroecologica.com.br\/index.php?rest_route=%2Fwp%2Fv2%2Fmedia&parent=38"}],"curies":[{"name":"wp","href":"https:\/\/api.w.org\/{rel}","templated":true}]}}